{"id":971,"date":"2021-05-17T05:48:57","date_gmt":"2021-05-17T03:48:57","guid":{"rendered":"http:\/\/it3.home.pl\/gmina_chasno\/?page_id=971"},"modified":"2021-05-30T01:40:49","modified_gmt":"2021-05-29T23:40:49","slug":"zasilek-pielegnacyjny","status":"publish","type":"page","link":"https:\/\/gminachasno.pl\/index.php\/zasilek-pielegnacyjny\/","title":{"rendered":"Zasi\u0142ek piel\u0119gnacyjny"},"content":{"rendered":"\n<p class=\"has-text-align-justify\"><strong>Wysoko\u015b\u0107 zasi\u0142ku piel\u0119gnacyjnego wynosi 153,00 z\u0142 miesi\u0119cznie.<\/strong><\/p>\n\n\n\n<p class=\"has-text-align-justify\">Zasi\u0142ek piel\u0119gnacyjny przyznaje si\u0119 w celu cz\u0119\u015bciowego pokrycia wydatk\u00f3w wynikaj\u0105cych z konieczno\u015bci zapewnienia opieki i pomocy innej osoby w zwi\u0105zku z niezdolno\u015bci\u0105 do samodzielnej egzystencji.<\/p>\n\n\n\n<p class=\"has-text-align-justify\"><strong>Zasi\u0142ek piel\u0119gnacyjny przys\u0142uguje:<\/strong><br>&#8211; niepe\u0142nosprawnemu dziecku;<br>&#8211; osobie niepe\u0142nosprawnej w wieku powy\u017cej 16 roku \u017cycia, je\u017celi legitymuje si\u0119 orzeczeniem o znacznym stopniu niepe\u0142nosprawno\u015bci;<br>&#8211; osobie niepe\u0142nosprawnej w wieku powy\u017cej 16 roku \u017cycia legitymuj\u0105cej si\u0119 orzeczeniem o umiarkowanym stopniu niepe\u0142nosprawno\u015bci,&nbsp;<strong>je\u017celi niepe\u0142nosprawno\u015b\u0107 powsta\u0142a w wieku do uko\u0144czenia 21 roku \u017cycia<\/strong>;<br>&#8211; osobie, kt\u00f3ra uko\u0144czy\u0142a 75 lat.<\/p>\n\n\n\n<p class=\"has-text-align-justify\"><strong>Zasi\u0142ek piel\u0119gnacyjny nie przys\u0142uguje:<\/strong><br>&#8211; osobie uprawnionej do dodatku piel\u0119gnacyjnego;<br>&#8211; osobie umieszczonej w instytucji zapewniaj\u0105cej nieodp\u0142atnie ca\u0142odobowe utrzymanie;<br>&#8211; je\u017celi cz\u0142onkowi rodziny przys\u0142uguje za granic\u0105 \u015bwiadczenie na pokrycie wydatk\u00f3w zwi\u0105zanych z piel\u0119gnacj\u0105 tej osoby, chyba \u017ce przepisy o koordynacji system\u00f3w zabezpieczenia spo\u0142ecznego lub dwustronne umowy o zabezpieczeniu spo\u0142ecznym stanowi\u0105 inaczej.<\/p>\n\n\n\n<p class=\"has-text-align-justify\">Do wniosku o zasi\u0142ek piel\u0119gnacyjny nale\u017cy do\u0142\u0105czy\u0107 odpowiednio:<\/p>\n\n\n\n<p class=\"has-text-align-justify\">1) dokument stwierdzaj\u0105cy to\u017csamo\u015b\u0107 wnioskodawcy,<\/p>\n\n\n\n<p class=\"has-text-align-justify\">2) orzeczenie o niepe\u0142nosprawno\u015bci lub o stopniu niepe\u0142nosprawno\u015bci,<\/p>\n\n\n\n<p class=\"has-text-align-justify\">3) inne dokumenty, w tym o\u015bwiadczenia, niezb\u0119dne do ustalenia prawa do zasi\u0142ku piel\u0119gnacyjnego<\/p>\n\n\n\n<p class=\"has-text-align-justify\"><strong>Prawo do zasi\u0142ku piel\u0119gnacyjnego&nbsp;i \u015bwiadczenia piel\u0119gnacyjnego&nbsp;ustala si\u0119 na czas nieokre\u015blony<\/strong>, chyba \u017ce orzeczenie o niepe\u0142nosprawno\u015bci lub orzeczenie o stopniu niepe\u0142nosprawno\u015bci zosta\u0142o wydane na czas okre\u015blony. W tym przypadku prawo do&nbsp; tych \u015bwiadcze\u0144&nbsp;ustala si\u0119 do ostatniego dnia miesi\u0105ca, w kt\u00f3rym up\u0142ywa termin wa\u017cno\u015bci orzeczenia.<br>Je\u017celi osoba w okresie trzech miesi\u0119cy od wydania orzeczenia o niepe\u0142nosprawno\u015bci lub stopniu niepe\u0142nosprawno\u015bci z\u0142o\u017cy wniosek o ustalenie prawa do zasi\u0142ku piel\u0119gnacyjnego lub \u015bwiadczenia piel\u0119gnacyjnego, prawo do&nbsp;wnioskowanego \u015bwiadczenia&nbsp;ustala si\u0119 pocz\u0105wszy od miesi\u0105ca, w kt\u00f3rym wp\u0142yn\u0105\u0142 wniosek o ustalenie niepe\u0142nosprawno\u015bci lub stopnia niepe\u0142nosprawno\u015bci.<br>W przypadku utraty wa\u017cno\u015bci orzeczenia o niepe\u0142nosprawno\u015bci lub stopniu niepe\u0142nosprawno\u015bci i ponownego ustalenia niepe\u0142nosprawno\u015bci lub stopnia niepe\u0142nosprawno\u015bci stanowi\u0105cego kontynuacj\u0119 poprzedniego orzeczenia, prawo do \u015bwiadcze\u0144 rodzinnych uzale\u017cnionych od niepe\u0142nosprawno\u015bci ustala si\u0119 od pierwszego dnia miesi\u0105ca nast\u0119puj\u0105cego po miesi\u0105cu, w kt\u00f3rym up\u0142yn\u0105\u0142 termin wa\u017cno\u015bci poprzedniego orzeczenia, je\u017celi osoba spe\u0142nia warunki uprawniaj\u0105ce do nabycia tych \u015bwiadcze\u0144 oraz z\u0142o\u017cy\u0142a wniosek o ustalenie:<\/p>\n\n\n\n<ol class=\"wp-block-list\"><li>niepe\u0142nosprawno\u015bci lub stopnia niepe\u0142nosprawno\u015bci w terminie miesi\u0105ca od dnia utraty wa\u017cno\u015bci poprzedniego orzeczenia i<\/li><li>prawa do \u015bwiadcze\u0144 rodzinnych uzale\u017cnionych od niepe\u0142nosprawno\u015bci w terminie trzech miesi\u0119cy od dnia wydania orzeczenia<\/li><\/ol>\n\n\n\n<p class=\"has-text-align-justify\">&nbsp;<strong>Wniosek o zasi\u0142ek piel\u0119gnacyjny mo\u017cna pobra\u0107 i z\u0142o\u017cy\u0107 w Gminnym O\u015brodku Pomocy Spo\u0142ecznej w Ch\u0105\u015bnie (pok\u00f3j nr 15) od poniedzia\u0142ku do pi\u0105tku w godz. 7.00-15.00.<\/strong><\/p>\n","protected":false},"excerpt":{"rendered":"<p>Wysoko\u015b\u0107 zasi\u0142ku piel\u0119gnacyjnego wynosi 153,00 z\u0142 miesi\u0119cznie. Zasi\u0142ek piel\u0119gnacyjny przyznaje si\u0119 w celu cz\u0119\u015bciowego pokrycia wydatk\u00f3w wynikaj\u0105cych z konieczno\u015bci zapewnienia opieki i pomocy innej osoby w zwi\u0105zku z niezdolno\u015bci\u0105 do samodzielnej egzystencji. Zasi\u0142ek piel\u0119gnacyjny przys\u0142uguje:&#8211; niepe\u0142nosprawnemu dziecku;&#8211; osobie niepe\u0142nosprawnej w wieku powy\u017cej 16 roku \u017cycia, je\u017celi legitymuje si\u0119 orzeczeniem o znacznym stopniu niepe\u0142nosprawno\u015bci;&#8211; osobie niepe\u0142nosprawnej &hellip;<\/p>\n<p class=\"read-more\"> <a class=\"\" href=\"https:\/\/gminachasno.pl\/index.php\/zasilek-pielegnacyjny\/\"> <span class=\"screen-reader-text\">Zasi\u0142ek piel\u0119gnacyjny<\/span> Read More &raquo;<\/a><\/p>\n","protected":false},"author":1,"featured_media":0,"parent":0,"menu_order":0,"comment_status":"closed","ping_status":"closed","template":"","meta":{"site-sidebar-layout":"default","site-content-layout":"default","ast-global-header-display":"","ast-main-header-display":"","ast-hfb-above-header-display":"","ast-hfb-below-header-display":"","ast-hfb-mobile-header-display":"","site-post-title":"","ast-breadcrumbs-content":"","ast-featured-img":"","footer-sml-layout":"","theme-transparent-header-meta":"default","adv-header-id-meta":"","stick-header-meta":"","header-above-stick-meta":"","header-main-stick-meta":"","header-below-stick-meta":"","footnotes":""},"class_list":["post-971","page","type-page","status-publish","hentry"],"_links":{"self":[{"href":"https:\/\/gminachasno.pl\/index.php\/wp-json\/wp\/v2\/pages\/971","targetHints":{"allow":["GET"]}}],"collection":[{"href":"https:\/\/gminachasno.pl\/index.php\/wp-json\/wp\/v2\/pages"}],"about":[{"href":"https:\/\/gminachasno.pl\/index.php\/wp-json\/wp\/v2\/types\/page"}],"author":[{"embeddable":true,"href":"https:\/\/gminachasno.pl\/index.php\/wp-json\/wp\/v2\/users\/1"}],"replies":[{"embeddable":true,"href":"https:\/\/gminachasno.pl\/index.php\/wp-json\/wp\/v2\/comments?post=971"}],"version-history":[{"count":2,"href":"https:\/\/gminachasno.pl\/index.php\/wp-json\/wp\/v2\/pages\/971\/revisions"}],"predecessor-version":[{"id":1549,"href":"https:\/\/gminachasno.pl\/index.php\/wp-json\/wp\/v2\/pages\/971\/revisions\/1549"}],"wp:attachment":[{"href":"https:\/\/gminachasno.pl\/index.php\/wp-json\/wp\/v2\/media?parent=971"}],"curies":[{"name":"wp","href":"https:\/\/api.w.org\/{rel}","templated":true}]}}