{"id":565,"date":"2021-05-10T06:47:46","date_gmt":"2021-05-10T04:47:46","guid":{"rendered":"http:\/\/it3.home.pl\/gmina_chasno\/?page_id=565"},"modified":"2023-01-25T10:49:39","modified_gmt":"2023-01-25T09:49:39","slug":"podatek-od-srodkow-transportowych","status":"publish","type":"page","link":"https:\/\/gminachasno.pl\/index.php\/podatek-od-srodkow-transportowych\/","title":{"rendered":"PODATEK OD \u015aRODK\u00d3W TRANSPORTOWYCH"},"content":{"rendered":"\n<h3 class=\"wp-block-heading\">Przedmiotem opodatkowania podatkiem od \u015brodk\u00f3w transportowych s\u0105:<\/h3>\n\n\n\n<ul class=\"wp-block-list\">\n<li>samochody ci\u0119\u017carowe o dopuszczalnej masie ca\u0142kowitej powy\u017cej 3,5 tony i poni\u017cej 12 ton,<\/li>\n\n\n\n<li>samochody ci\u0119\u017carowe o dopuszczalnej masie ca\u0142kowitej r\u00f3wnej lub wy\u017cszej ni\u017c 12 ton,<\/li>\n\n\n\n<li>ci\u0105gniki siod\u0142owe i balastowe przystosowane do u\u017cywania \u0142\u0105cznie z naczep\u0105 lub przyczep\u0105 o dopuszczalnej masie ca\u0142kowitej zespo\u0142u pojazd\u00f3w od 3,5 tony i poni\u017cej 12 ton ,<\/li>\n\n\n\n<li>ci\u0105gniki siod\u0142owe i balastowe przystosowane do u\u017cywania \u0142\u0105cznie z naczep\u0105 lub przyczep\u0105 o dopuszczalnej masie ca\u0142kowitej zespo\u0142u pojazd\u00f3w r\u00f3wnej lub wy\u017cszej ni\u017c&nbsp; 12 ton,<\/li>\n\n\n\n<li>przyczepy i naczepy, kt\u00f3re \u0142\u0105cznie z pojazdem silnikowym posiadaj\u0105 dopuszczaln\u0105 mas\u0119 ca\u0142kowit\u0105 od 7 ton i poni\u017cej 12 ton, z wyj\u0105tkiem zwi\u0105zanych wy\u0142\u0105cznie z dzia\u0142alno\u015bci\u0105 rolnicz\u0105 prowadzon\u0105 przez podatnika podatku rolnego,<\/li>\n\n\n\n<li>przyczepy i naczepy, kt\u00f3re \u0142\u0105cznie z pojazdem silnikowym posiadaj\u0105 dopuszczaln\u0105 mas\u0119 ca\u0142kowit\u0105 r\u00f3wn\u0105 lub wy\u017csz\u0105 ni\u017c 12 ton, z wyj\u0105tkiem zwi\u0105zanych wy\u0142\u0105cznie z dzia\u0142alno\u015bci\u0105 rolnicz\u0105 prowadzon\u0105 przez podatnika podatku rolnego,<\/li>\n\n\n\n<li>autobusy.<\/li>\n<\/ul>\n\n\n\n<p class=\"has-text-align-justify\"><strong>&nbsp;Podmiotami obowi\u0105zanymi do zap\u0142aty podatku od \u015brodk\u00f3w transportowych<\/strong>&nbsp;<strong>s\u0105<\/strong>:<\/p>\n\n\n\n<ul class=\"wp-block-list\">\n<li>osoby fizyczne i osoby prawne b\u0119d\u0105ce w\u0142a\u015bcicielami \u015brodk\u00f3w transportowych,<\/li>\n\n\n\n<li>jednostki organizacyjne niemaj\u0105ce osobowo\u015bci prawnej, na kt\u00f3re \u015brodek transportowy zosta\u0142 zarejestrowany,<\/li>\n\n\n\n<li>posiadacze \u015brodk\u00f3w transportowych zarejestrowanych na terytorium Rzeczypospolitej Polskiej jako powierzone przez zagraniczn\u0105 osob\u0119 fizyczn\u0105 lub prawn\u0105 podmiotowi polskiemu.<\/li>\n<\/ul>\n\n\n\n<p class=\"has-text-align-justify\"><strong>Powstanie i wyga\u015bni\u0119cie obowi\u0105zku podatkowego<\/strong><\/p>\n\n\n\n<p class=\"has-text-align-justify\">Obowi\u0105zek podatkowy powstaje od pierwszego dnia miesi\u0105ca nast\u0119puj\u0105cego po miesi\u0105cu, w kt\u00f3rym:<\/p>\n\n\n\n<ul class=\"wp-block-list\">\n<li>\u015brodek transportowy zosta\u0142 zarejestrowany na terytorium Rzeczypospolitej Polskiej,<\/li>\n\n\n\n<li>\u015brodek transportowy zosta\u0142 nabyty (w przypadku nabycia \u015brodka transportowego zarejestrowanego),<\/li>\n\n\n\n<li>\u015brodek transportowy zosta\u0142&nbsp;dopuszczony ponownie do ruchu&nbsp;po up\u0142ywie czasu, na jaki zosta\u0142a wydana decyzja&nbsp; organu rejestruj\u0105cego o czasowym wycofaniu tego pojazdu z ruchu.<\/li>\n<\/ul>\n\n\n\n<p class=\"has-text-align-justify\">Obowi\u0105zek podatkowy wygasa z ko\u0144cem miesi\u0105ca, w kt\u00f3rym:<\/p>\n\n\n\n<ul class=\"wp-block-list\">\n<li>\u015brodek transportowy zosta\u0142 wyrejestrowany lub wydana zosta\u0142a&nbsp; decyzja organu rejestruj\u0105cego o czasowym wycofaniu tego pojazdu z ruchu,<\/li>\n\n\n\n<li>up\u0142yn\u0105\u0142 czas, na kt\u00f3ry pojazd powierzono.<\/li>\n<\/ul>\n\n\n\n<p><strong>Stawki podatku od \u015brodk\u00f3w transportowych<\/strong><\/p>\n\n\n\n<p class=\"has-text-align-justify\">Stawki podatku uchwala rada gminy w granicach zakre\u015blonych przepisami ustawy o podatkach i op\u0142atach lokalnych (ustawa okre\u015bla g\u00f3rne i dla niekt\u00f3rych rodzaj\u00f3w pojazd\u00f3w, dolne granice stawek podatku). Rada gminy mo\u017ce r\u00f3\u017cnicowa\u0107 stawki, uwzgl\u0119dniaj\u0105c w szczeg\u00f3lno\u015bci: wp\u0142yw pojazdu na \u015brodowisko naturalne, rok produkcji albo liczb\u0119 miejsc do siedzenia.<\/p>\n\n\n\n<p><img loading=\"lazy\" decoding=\"async\" width=\"80\" height=\"90\" class=\"wp-image-548\" style=\"width: 80px;\" src=\"http:\/\/gminachasno.pl\/wp-content\/uploads\/2021\/05\/emblem-red.png\" alt=\"\">  <a href=\"http:\/\/dziennik.lodzkie.eu\/legalact\/2022\/7035\/\" class=\"ek-link\"><u><strong>UCHWA\u0141A RADY GMINY CH\u0104\u015aNO W SPRAWIE STAWEK PODATKU OD \u015aRODK\u00d3W TRANSPORTOWYCH<\/strong><\/u><\/a><\/p>\n\n\n\n<p><strong>Czynno\u015bci i dokumenty<\/strong><\/p>\n\n\n\n<p class=\"has-text-align-justify\">Podatnicy s\u0105 obowi\u0105zani do sk\u0142adania w\u0142a\u015bciwemu organowi podatkowemu, do dnia 15 lutego ka\u017cdego roku podatkowego, deklaracji na podatek od \u015brodk\u00f3w transportowych , a je\u017celi obowi\u0105zek powsta\u0142 po tym dniu &#8211; w terminie 14 dni od dnia zaistnienia okoliczno\u015bci uzasadniaj\u0105cych powstanie tego obowi\u0105zku. Wz\u00f3r deklaracji zosta\u0142 okre\u015blony w&nbsp;rozporz\u0105dzeniu Ministra Finans\u00f3w.<\/p>\n\n\n\n<p class=\"has-text-align-justify\">Organem w\u0142a\u015bciwym w&nbsp;sprawach podatku od \u015brodk\u00f3w transportowych jest organ podatkowy, na kt\u00f3rego terenie znajduje si\u0119 miejsce zamieszkania lub siedziba podatnika, a&nbsp;w&nbsp;przypadku przedsi\u0119biorstwa wielozak\u0142adowego lub podmiotu, w&nbsp;kt\u00f3rego sk\u0142ad wchodz\u0105 wydzielone jednostki organizacyjne \u2013 organ podatkowy, na terenie kt\u00f3rego znajduje si\u0119 zak\u0142ad lub jednostka posiadaj\u0105ca \u015brodki transportowe podlegaj\u0105ce opodatkowaniu. W&nbsp;przypadku wsp\u00f3\u0142w\u0142asno\u015bci \u015brodka transportowego organem w\u0142a\u015bciwym jest organ podatkowy odpowiedni dla osoby lub jednostki organizacyjnej, kt\u00f3ra zosta\u0142a wpisana jako pierwsza w&nbsp;dowodzie rejestracyjnym pojazdu.<\/p>\n\n\n\n<p><a href=\"https:\/\/www.podatki.gov.pl\/podatki-i-oplaty-lokalne\/formularze\/\"><\/a>&nbsp;<img decoding=\"async\" class=\"wp-image-547\" style=\"width: NaNpx;\" src=\"http:\/\/gminachasno.pl\/wp-content\/uploads\/2021\/05\/assets-logotypes-polish-emblem.svg\" alt=\"\"><a href=\"https:\/\/www.podatki.gov.pl\/podatki-i-oplaty-lokalne\/formularze\/\" class=\"ek-link\"><strong>DEKLARACJA NA PODATEK OD \u015aRODK\u00d3W TRANSPORTOWYCH<\/strong><\/a><\/p>\n\n\n\n<p class=\"has-text-align-justify\"><strong>Terminy i sposoby p\u0142atno\u015bci podatku od \u015brodk\u00f3w transportowych<\/strong><\/p>\n\n\n\n<p class=\"has-text-align-justify\">Podatek \u2013 co do zasady &#8211; wp\u0142aca si\u0119 w dw\u00f3ch ratach proporcjonalnie do czasu trwania obowi\u0105zku podatkowego, w terminach&nbsp;<strong>do dnia 15 lutego i 15 wrze\u015bnia<\/strong>&nbsp;ka\u017cdego roku, na rachunek bud\u017cetu gminy, na terenie kt\u00f3rej znajduje si\u0119 miejsce zamieszkania lub siedziba podatnika.<\/p>\n","protected":false},"excerpt":{"rendered":"<p>Przedmiotem opodatkowania podatkiem od \u015brodk\u00f3w transportowych s\u0105: &nbsp;Podmiotami obowi\u0105zanymi do zap\u0142aty podatku od \u015brodk\u00f3w transportowych&nbsp;s\u0105: Powstanie i wyga\u015bni\u0119cie obowi\u0105zku podatkowego Obowi\u0105zek podatkowy powstaje od pierwszego dnia miesi\u0105ca nast\u0119puj\u0105cego po miesi\u0105cu, w kt\u00f3rym: Obowi\u0105zek podatkowy wygasa z ko\u0144cem miesi\u0105ca, w kt\u00f3rym: Stawki podatku od \u015brodk\u00f3w transportowych Stawki podatku uchwala rada gminy w granicach zakre\u015blonych przepisami ustawy &hellip;<\/p>\n<p class=\"read-more\"> <a class=\"\" href=\"https:\/\/gminachasno.pl\/index.php\/podatek-od-srodkow-transportowych\/\"> <span class=\"screen-reader-text\">PODATEK OD \u015aRODK\u00d3W TRANSPORTOWYCH<\/span> Read More &raquo;<\/a><\/p>\n","protected":false},"author":1,"featured_media":0,"parent":0,"menu_order":0,"comment_status":"closed","ping_status":"closed","template":"","meta":{"site-sidebar-layout":"default","site-content-layout":"default","ast-global-header-display":"","ast-main-header-display":"","ast-hfb-above-header-display":"","ast-hfb-below-header-display":"","ast-hfb-mobile-header-display":"","site-post-title":"","ast-breadcrumbs-content":"","ast-featured-img":"","footer-sml-layout":"","theme-transparent-header-meta":"default","adv-header-id-meta":"","stick-header-meta":"","header-above-stick-meta":"","header-main-stick-meta":"","header-below-stick-meta":"","footnotes":""},"class_list":["post-565","page","type-page","status-publish","hentry"],"_links":{"self":[{"href":"https:\/\/gminachasno.pl\/index.php\/wp-json\/wp\/v2\/pages\/565","targetHints":{"allow":["GET"]}}],"collection":[{"href":"https:\/\/gminachasno.pl\/index.php\/wp-json\/wp\/v2\/pages"}],"about":[{"href":"https:\/\/gminachasno.pl\/index.php\/wp-json\/wp\/v2\/types\/page"}],"author":[{"embeddable":true,"href":"https:\/\/gminachasno.pl\/index.php\/wp-json\/wp\/v2\/users\/1"}],"replies":[{"embeddable":true,"href":"https:\/\/gminachasno.pl\/index.php\/wp-json\/wp\/v2\/comments?post=565"}],"version-history":[{"count":5,"href":"https:\/\/gminachasno.pl\/index.php\/wp-json\/wp\/v2\/pages\/565\/revisions"}],"predecessor-version":[{"id":3167,"href":"https:\/\/gminachasno.pl\/index.php\/wp-json\/wp\/v2\/pages\/565\/revisions\/3167"}],"wp:attachment":[{"href":"https:\/\/gminachasno.pl\/index.php\/wp-json\/wp\/v2\/media?parent=565"}],"curies":[{"name":"wp","href":"https:\/\/api.w.org\/{rel}","templated":true}]}}