{"id":556,"date":"2021-05-10T06:40:22","date_gmt":"2021-05-10T04:40:22","guid":{"rendered":"http:\/\/it3.home.pl\/gmina_chasno\/?page_id=556"},"modified":"2025-01-22T14:03:20","modified_gmt":"2025-01-22T13:03:20","slug":"podatek-lesny","status":"publish","type":"page","link":"https:\/\/gminachasno.pl\/index.php\/podatek-lesny\/","title":{"rendered":"PODATEK LE\u015aNY"},"content":{"rendered":"\n<p class=\"has-text-align-justify\"><strong>Przedmiotem opodatkowania podatkiem le\u015bnym&nbsp;s\u0105<\/strong>:<\/p>\n\n\n\n<ul class=\"wp-block-list\">\n<li>lasy &#8211; grunty le\u015bne sklasyfikowane w ewidencji grunt\u00f3w i budynk\u00f3w jako lasy, z wyj\u0105tkiem las\u00f3w zaj\u0119tych na wykonywanie innej dzia\u0142alno\u015bci gospodarczej ni\u017c dzia\u0142alno\u015b\u0107 le\u015bna.<\/li>\n<\/ul>\n\n\n\n<p class=\"has-text-align-justify\"><strong>Podmiotami obowi\u0105zanymi do zap\u0142aty podatku le\u015bnego&nbsp;s\u0105<\/strong>:<\/p>\n\n\n\n<ul class=\"wp-block-list\">\n<li>w\u0142a\u015bciciele las\u00f3w,<\/li>\n\n\n\n<li>posiadacze samoistni las\u00f3w,<\/li>\n\n\n\n<li>u\u017cytkownicy wieczy\u015bci las\u00f3w,<\/li>\n\n\n\n<li>posiadacze las\u00f3w, stanowi\u0105cych w\u0142asno\u015b\u0107 Skarbu Pa\u0144stwa lub jednostki samorz\u0105du terytorialnego.<\/li>\n<\/ul>\n\n\n\n<p><strong>Powstanie i wyga\u015bni\u0119cie obowi\u0105zku podatkowego<\/strong><\/p>\n\n\n\n<p>Obowi\u0105zek podatkowy powstaje z pierwszym dniem miesi\u0105ca nast\u0119puj\u0105cego po miesi\u0105cu, w kt\u00f3rym powsta\u0142 tytu\u0142 prawny do lasu lub nast\u0105pi\u0142o obj\u0119cie lasu w posiadanie. Obowi\u0105zek podatkowy w podatku le\u015bnym wygasa ostatniego dnia miesi\u0105ca, w kt\u00f3rym przesta\u0142y istnie\u0107 okoliczno\u015bci uzasadniaj\u0105ce ten obowi\u0105zek.<\/p>\n\n\n\n<p class=\"has-text-align-justify\"><strong>Czynno\u015bci i dokumenty zwi\u0105zane z podatkiem le\u015bnym<\/strong><\/p>\n\n\n\n<p class=\"has-text-align-justify\">Podatnicy podatku le\u015bnego s\u0105 obowi\u0105zani sk\u0142ada\u0107 organowi podatkowemu (w\u00f3jt, burmistrz, prezydent miasta), w\u0142a\u015bciwemu ze wzgl\u0119du na miejsce po\u0142o\u017cenia lasu, sporz\u0105dzone na formularzach wed\u0142ug ustalonego wzoru, okre\u015blonego uchwa\u0142\u0105 rady gminy:<\/p>\n\n\n\n<p class=\"has-text-align-justify\">&#8211; informacje o lasach (osoby fizyczne) w terminie 14 dni od dnia zaistnienia okoliczno\u015bci uzasadniaj\u0105cych powstanie albo wyga\u015bni\u0119cie obowi\u0105zku podatkowego lub od zaistnienia zdarzenia powoduj\u0105cego zmian\u0119 wysoko\u015bci opodatkowania,<\/p>\n\n\n\n<p class=\"has-text-align-justify\">&#8211; deklaracje na podatek le\u015bny (osoby prawne i jednostki organizacyjne, w tym sp\u00f3\u0142ki nieposiadaj\u0105ce osobowo\u015bci prawnej) w terminie do dnia 15 stycznia roku podatkowego, a je\u017celi obowi\u0105zek podatkowy powsta\u0142 po tym dniu &#8211; w terminie 14 dni od dnia wyst\u0105pienia okoliczno\u015bci uzasadniaj\u0105cych powstanie tego obowi\u0105zku lub od zaistnienia zdarzenia powoduj\u0105cego zmian\u0119 wysoko\u015bci opodatkowania. Je\u017celi las stanowi wsp\u00f3\u0142w\u0142asno\u015b\u0107 (znajduje si\u0119 w posiadaniu) osoby fizycznej oraz jednocze\u015bnie osoby prawnej, b\u0105d\u017a jednostki organizacyjnej (w tym sp\u00f3\u0142ki) nieposiadaj\u0105cej osobowo\u015bci prawnej &#8211; osoba fizyczna sk\u0142ada deklaracj\u0119 na podatek le\u015bny oraz op\u0142aca podatek na zasadach obowi\u0105zuj\u0105cych osoby prawne.<\/p>\n\n\n\n<p><a href=\"https:\/\/www.podatki.gov.pl\/podatki-i-oplaty-lokalne\/formularze\/\"><\/a>&nbsp;<img decoding=\"async\" class=\"wp-image-547\" style=\"width: NaNpx;\" src=\"http:\/\/gminachasno.pl\/wp-content\/uploads\/2021\/05\/assets-logotypes-polish-emblem.svg\" alt=\"\"><a href=\"https:\/\/www.podatki.gov.pl\/podatki-i-oplaty-lokalne\/formularze\/\" class=\"ek-link\"><u><strong>DEKLARACJA NA PODATEK LE\u015aNY<\/strong><\/u><\/a><\/p>\n\n\n\n<p><strong>Stawki podatku le\u015bnego<\/strong><\/p>\n\n\n\n<p class=\"has-text-align-justify\">&#8211; r\u00f3wnowarto\u015b\u0107 pieni\u0119\u017cna 0,220 m&nbsp;<sup>3<\/sup>&nbsp;drewna obliczona wed\u0142ug \u015bredniej ceny sprzeda\u017cy drewna uzyskanej przez nadle\u015bnictwa za pierwsze trzy kwarta\u0142y roku poprzedzaj\u0105cego rok podatkowy \u2013 od 1ha,<\/p>\n\n\n\n<p class=\"has-text-align-justify\">&#8211; dla las\u00f3w wchodz\u0105cych w sk\u0142ad rezerwat\u00f3w przyrody i park\u00f3w narodowych &#8211; 50% stawki okre\u015blonej wy\u017cej.<\/p>\n\n\n\n<p><a href=\"https:\/\/stat.gov.pl\/sygnalne\/komunikaty-i-obwieszczenia\/lista-komunikatow-i-obwieszczen\/komunikat-w-sprawie-sredniej-ceny-sprzedazy-drewna-obliczonej-wedlug-sredniej-ceny-drewna-uzyskanej-przez-nadlesnictwa-za-pierwsze-trzy-kwartaly-2019-roku,268,6.html\"><\/a><img loading=\"lazy\" decoding=\"async\" width=\"150\" height=\"150\" class=\"wp-image-557\" style=\"width: 150px;\" src=\"http:\/\/it3.home.pl\/gmina_chasno\/wp-content\/uploads\/2021\/05\/pobrane.jpg\" alt=\"\" srcset=\"https:\/\/gminachasno.pl\/wp-content\/uploads\/2021\/05\/pobrane.jpg 225w, https:\/\/gminachasno.pl\/wp-content\/uploads\/2021\/05\/pobrane-150x150.jpg 150w\" sizes=\"auto, (max-width: 150px) 100vw, 150px\" \/><strong><u><a href=\"https:\/\/stat.gov.pl\/sygnalne\/komunikaty-i-obwieszczenia\/lista-komunikatow-i-obwieszczen\/komunikat-w-sprawie-sredniej-ceny-sprzedazy-drewna-obliczonej-wedlug-sredniej-ceny-drewna-uzyskanej-przez-nadlesnictwa-za-pierwsze-trzy-kwartaly-2024-roku,268,11.html\">KOMUNIKAT PREZESA GUS W SPRAWIE \u015aREDNIEJ CENY SPRZEDA\u017bY DREWNA<\/a><\/u><\/strong><\/p>\n\n\n\n<p class=\"has-text-align-justify\"><strong>Terminy i sposoby p\u0142atno\u015bci podatku le\u015bnego<\/strong><\/p>\n\n\n\n<p class=\"has-text-align-justify\">Wszyscy podatnicy p\u0142ac\u0105 podatek rolny w 4 ratach proporcjonalnych do czasu trwania obowi\u0105zku podatkowego &#8211;&nbsp;<strong>do 15 marca, 15 maja, 15 wrze\u015bnia i 15 listopada<\/strong>&nbsp;roku podatkowego, przelewem na indywidualne konto lub w formie inkasa u so\u0142tysa.<\/p>\n\n\n\n<p><\/p>\n","protected":false},"excerpt":{"rendered":"<p>Przedmiotem opodatkowania podatkiem le\u015bnym&nbsp;s\u0105: Podmiotami obowi\u0105zanymi do zap\u0142aty podatku le\u015bnego&nbsp;s\u0105: Powstanie i wyga\u015bni\u0119cie obowi\u0105zku podatkowego Obowi\u0105zek podatkowy powstaje z pierwszym dniem miesi\u0105ca nast\u0119puj\u0105cego po miesi\u0105cu, w kt\u00f3rym powsta\u0142 tytu\u0142 prawny do lasu lub nast\u0105pi\u0142o obj\u0119cie lasu w posiadanie. Obowi\u0105zek podatkowy w podatku le\u015bnym wygasa ostatniego dnia miesi\u0105ca, w kt\u00f3rym przesta\u0142y istnie\u0107 okoliczno\u015bci uzasadniaj\u0105ce ten obowi\u0105zek. &hellip;<\/p>\n<p class=\"read-more\"> <a class=\"\" href=\"https:\/\/gminachasno.pl\/index.php\/podatek-lesny\/\"> <span class=\"screen-reader-text\">PODATEK LE\u015aNY<\/span> Read More &raquo;<\/a><\/p>\n","protected":false},"author":1,"featured_media":0,"parent":0,"menu_order":0,"comment_status":"closed","ping_status":"closed","template":"","meta":{"site-sidebar-layout":"default","site-content-layout":"default","ast-global-header-display":"","ast-main-header-display":"","ast-hfb-above-header-display":"","ast-hfb-below-header-display":"","ast-hfb-mobile-header-display":"","site-post-title":"","ast-breadcrumbs-content":"","ast-featured-img":"","footer-sml-layout":"","theme-transparent-header-meta":"default","adv-header-id-meta":"","stick-header-meta":"","header-above-stick-meta":"","header-main-stick-meta":"","header-below-stick-meta":"","footnotes":""},"class_list":["post-556","page","type-page","status-publish","hentry"],"_links":{"self":[{"href":"https:\/\/gminachasno.pl\/index.php\/wp-json\/wp\/v2\/pages\/556","targetHints":{"allow":["GET"]}}],"collection":[{"href":"https:\/\/gminachasno.pl\/index.php\/wp-json\/wp\/v2\/pages"}],"about":[{"href":"https:\/\/gminachasno.pl\/index.php\/wp-json\/wp\/v2\/types\/page"}],"author":[{"embeddable":true,"href":"https:\/\/gminachasno.pl\/index.php\/wp-json\/wp\/v2\/users\/1"}],"replies":[{"embeddable":true,"href":"https:\/\/gminachasno.pl\/index.php\/wp-json\/wp\/v2\/comments?post=556"}],"version-history":[{"count":5,"href":"https:\/\/gminachasno.pl\/index.php\/wp-json\/wp\/v2\/pages\/556\/revisions"}],"predecessor-version":[{"id":5558,"href":"https:\/\/gminachasno.pl\/index.php\/wp-json\/wp\/v2\/pages\/556\/revisions\/5558"}],"wp:attachment":[{"href":"https:\/\/gminachasno.pl\/index.php\/wp-json\/wp\/v2\/media?parent=556"}],"curies":[{"name":"wp","href":"https:\/\/api.w.org\/{rel}","templated":true}]}}