{"id":503,"date":"2021-05-10T05:49:06","date_gmt":"2021-05-10T03:49:06","guid":{"rendered":"http:\/\/it3.home.pl\/gmina_chasno\/?page_id=503"},"modified":"2021-06-15T02:18:01","modified_gmt":"2021-06-15T00:18:01","slug":"historia","status":"publish","type":"page","link":"https:\/\/gminachasno.pl\/index.php\/historia\/","title":{"rendered":"HISTORIA"},"content":{"rendered":"\n<p class=\"has-text-align-justify\">Wie\u015b Ch\u0105\u015bno wyst\u0119puj\u0105ca ju\u017c w 1357r. jako Chaszno, osadzona zosta\u0142a na prawie \u015bredzkim (czynszowo-s\u0142u\u017cebnym) przez arcybiskupa Jaros\u0142awa Skotnickiego herbu Bogoria. W 1829 roku wie\u015b i folwark Ch\u0105\u015bno wchodzi\u0142y w sk\u0142ad ekonomii Jeziorko, kt\u00f3ra obejmowa\u0142a 11 folwark\u00f3w i 25 wsi.<\/p>\n\n\n\n<figure class=\"wp-block-image size-large\"><img loading=\"lazy\" decoding=\"async\" width=\"560\" height=\"420\" src=\"http:\/\/gminachasno.pl\/wp-content\/uploads\/2021\/05\/gs.jpg\" alt=\"\" class=\"wp-image-504\" srcset=\"https:\/\/gminachasno.pl\/wp-content\/uploads\/2021\/05\/gs.jpg 560w, https:\/\/gminachasno.pl\/wp-content\/uploads\/2021\/05\/gs-300x225.jpg 300w\" sizes=\"auto, (max-width: 560px) 100vw, 560px\" \/><figcaption>Dw\u00f3r W\u0142adys\u0142awa Bukowieckiego<\/figcaption><\/figure>\n\n\n\n<p class=\"has-text-align-justify\">W 1864 roku w czasie uw\u0142aszczenia wie\u015b obejmowa\u0142a 1114 m\u00f3rg, w tym: orne 913, pastwiska 147, nieu\u017cytki 54. W 1867 roku Gmina Jeziorko z siedzib\u0105 w Ch\u0105\u015bnie liczy\u0142a 27 wsi i 30512 m\u00f3rg. Z powodu braku robocizny folwarki zosta\u0142y sprzedane osobom prywatnym. W Polsce mi\u0119dzywojennej rozparcelowano folwarki rz\u0105dowe, z tym, e w Z\u0142akowie Ko\u015bcielnym zostawiono 42ha jako ferm\u0119 do\u015bwiadczaln\u0105 Sejmiku \u0141owickiego, a po jego upadku w 1927 roku rozparcelowano pozostawiaj\u0105c reszt\u00f3wk\u0119 5ha dla Ogniska Ksi\u0119\u017cackiej Kultury, Sztuki i Przemys\u0142u Ludowego. W ognisku tym pod kierunkiem artysty plastyka Adama Petryny pracowali m\u0142odzi rze\u017abiarze: Zygmunt Rybus z Ch\u0105\u015bna, Jan Golis z \u0141a\u017anik i bracia Jan, Piotr i Andrzej Grzegory ze Z\u0142akowa Borowego i malarze: Jan Kuchta i Karol Sobieszek z Lipiec oraz Henryk Burzy\u0144ski z Trab. Pod kierunkiem Jadwigi Che\u0142mi\u0144skiej-\u015awi\u0105tkowskiej, etnografa z Warszawy pracowa\u0142y: tkaczki, hafciarki i wycinankarki z okolicznych wsi. Po rozwi\u0105zaniu Ogniska w 1934 roku jego zbiory, muzeum, 6 tygodniowe zimowe kursy haftu i wycinankarstwa oraz zesp\u00f3\u0142 wokalno-muzyczny przej\u0119\u0142a Akcja Katolicka, kt\u00f3ra liczy\u0142a 400 cz\u0142onk\u00f3w w 6 ko\u0142ach wiejskich.<br>Tw\u00f3rc\u0105 mody b\u0142\u0119dowskiej (\u017c\u00f3\u0142to-pomara\u0144czowej) i haftu p\u0142askiego by\u0142a Franciszka Malczyk-Burzy\u0144ska (1866-1964). Rozkwit mody z\u0142akowskiej (zielono-b\u0142\u0119kitnej) od 1930 roku zawdzi\u0119czamy Katarzynie Kami\u0144skiej z Szymanowic oraz Piotrowi Murasowi z Przemys\u0142owa (haft koralikowo-cekinowy). Wycinanki laurkowe i a\u017curowe tworzy\u0142y El\u017cbieta \u017baczek ur. w 1856 roku i Justyna Grzegory ur. w 1909 roku w Z\u0142akowie Borowym. Autorkami wycinanek niestylizowanych by\u0142a Anastazja z Pawlin\u00f3w Urbanek ur. w 1891 roku i jej siostrzenica Maria z Pawlin\u00f3w Grzegory z Retek ur. w 1912 roku.<br>W czasie okupacji gmina znalaz\u0142a si\u0119 w granicach Generalnej Guberni, gdzie zachowano polskie szko\u0142y powszechne, sp\u00f3\u0142dzielczo\u015b\u0107 oraz samorz\u0105d wiejski i gminny. Gospodarstwa by\u0142y obci\u0105\u017cone podatkami, kontyngentami (zbo\u017ce, \u017cywiec, mleko) i szarwarkami. Wie\u015b by\u0142a przeludniona przez mieszka\u0144c\u00f3w s\u0105siednich powiat\u00f3w (Gostynin, Kutno) w\u0142\u0105czonych do Rzeszy, kt\u00f3rzy zostali przymusowo wysiedleni. W 1940 roku na terenie gminy przebywa\u0142o 312 rodzin korzystaj\u0105cych z pomocy Rady Gminnej Opieku\u0144czej (zakwaterowanie, opa\u0142, zatrudnienie sezonowe w gospodarstwach). W styczniu 1945 roku wojska niemieckie bez walki wycofa\u0142y si\u0119 z terenu gminy a wysiedlenie pospiesznie powr\u00f3cili w strony rodzinne. Zgodnie z dekretem PKWN z 1945 roku upa\u0144stwowiono wszystkie folwarki prywatne powy\u017cej 50ha i rozdzielono na dzia\u0142ki od 2 do 5ha.<br>W latach 1945-1948 zachowano pozory demokracji. Stanis\u0142aw Miko\u0142ajczyk z rz\u0105du londy\u0144skiego zosta\u0142 prezesem PSL i ministrem rolnictwa i odtworzy\u0142 przedwojenne struktury: PSL, ZMW Wici, K\u00f3\u0142ka Rolnicze i Zespo\u0142y Przysposobienia Rolniczego. Now\u0105 organizacj\u0105 by\u0142a Gminna Sp\u00f3\u0142dzielnia Samopomoc Ch\u0142opska.<\/p>\n\n\n\n<p class=\"has-text-align-justify\">Najtragiczniejszymi dla rolnictwa by\u0142y lata 1948-1956, gdy nast\u0105pi\u0142 okres kolektywizacji wsi poprzez walk\u0119 z ku\u0142actwem tj. gospodarstwami powy\u017cej 10ha.<br>W 1954 roku w miejsce 11 gmin w powiecie \u0142owickim zorganizowano 46 Gromadzkich Rad Narodowych w tym w Ch\u0105\u015bnie oraz zatrudniono agronom\u00f3w i zootechnik\u00f3w gromadzkich. Wed\u0142ug statutu zadaniem GRN by\u0142o: prowadzi\u0107 polityk\u0119 klasow\u0105 polegaj\u0105c\u0105 na pomocy dla PGN i Sp\u00f3\u0142dzielni Produkcyjnych oraz ch\u0142op\u00f3w ma\u0142orolnych i \u0142amanie oporu ku\u0142ak\u00f3w i spekulant\u00f3w poprzez progresj\u0119 podatkow\u0105 i obowi\u0105zkowe dostawy (zbo\u017ca, \u017cywca, mleka) i dodatkowy podatek, kt\u00f3ry nazywano FOR (Fundusz Oszcz\u0119dno\u015bciowy Rolnictwa). Opornych ku\u0142ak\u00f3w za nieterminowe dostawy kierowano do obozu pracy w Sikawie ko\u0142o \u0141odzi, a ich syn\u00f3w do zast\u0119pczej s\u0142u\u017cby wojskowej w kopalniach uranu i w\u0119gla. Dziewcz\u0119ta i ch\u0142opc\u00f3w zatrudnionych w gospodarstwach kierowano do obowi\u0105zkowych Hufc\u00f3w Pracy &#8222;S\u0142u\u017cba Polsce&#8221;.<\/p>\n\n\n\n<figure class=\"wp-block-image size-large\"><img loading=\"lazy\" decoding=\"async\" width=\"225\" height=\"300\" src=\"http:\/\/gminachasno.pl\/wp-content\/uploads\/2021\/05\/pomnik.jpg\" alt=\"\" class=\"wp-image-506\"\/><figcaption>Pomnik upami\u0119tniaj\u0105cy zrzuty lotnicze w rejonie Ch\u0105\u015bna Obw\u00f3d \u0141owicz<br>\u0141yska Plac\u00f3wka Zrzutowa Kilim<\/figcaption><\/figure>\n\n\n\n<p class=\"has-text-align-justify\">Mimo presji ekonomicznej na terenie gminy powsta\u0142y 4 Sp\u00f3\u0142dzielnie Produkcyjne: Wybor\u00f3w, Boczki, Osiek, G\u0105golin Zachodni. W 1956 roku gdy W\u0142adys\u0142aw Gom\u00f3\u0142ka og\u0142osi\u0142 rezygnacj\u0119<br>z kolektywizacji poprzez przymus ekonomiczny, pozosta\u0142y tylko Sp\u00f3\u0142dzielnie w Wyborowie<br>i Boczkach gdzie uprzednio z bud\u017cetu pa\u0144stwa podj\u0119to inwestycje niepodzielne i dochodowe, kt\u00f3re zapewnia\u0142y dobrobyt cz\u0142onk\u00f3w Sp\u00f3\u0142dzielni. Do 1970 roku utrzymano obowi\u0105zkowe dostawy ale zrezygnowano z FOR i progresji a r\u00f3\u017cnice cen (mi\u0119dzy cen\u0105 rynkow\u0105 a obowi\u0105zkowych dostaw) przeznaczono na zakup maszyn rolniczych i ci\u0105gnik\u00f3w dla k\u00f3\u0142ek rolniczych i SKR-\u00f3w.<br>W 1975 roku w nowym podziale administracyjnym zlikwidowano powiaty a przywr\u00f3cono gminy min. w Ch\u0105\u015bnie i w\u0142\u0105czono do wojew\u00f3dztwa skierniewickiego.<br>Teren gminy obejmowa\u0142y dzia\u0142ania Armii Krajowej w okresie II Wojny \u015awiatowej o czym \u015awiadczy pomnik nieopodal budynku Urz\u0119du Gminy upami\u0119tniaj\u0105cy zrzuty lotnicze w 1943 roku.<\/p>\n","protected":false},"excerpt":{"rendered":"<p>Wie\u015b Ch\u0105\u015bno wyst\u0119puj\u0105ca ju\u017c w 1357r. jako Chaszno, osadzona zosta\u0142a na prawie \u015bredzkim (czynszowo-s\u0142u\u017cebnym) przez arcybiskupa Jaros\u0142awa Skotnickiego herbu Bogoria. W 1829 roku wie\u015b i folwark Ch\u0105\u015bno wchodzi\u0142y w sk\u0142ad ekonomii Jeziorko, kt\u00f3ra obejmowa\u0142a 11 folwark\u00f3w i 25 wsi. W 1864 roku w czasie uw\u0142aszczenia wie\u015b obejmowa\u0142a 1114 m\u00f3rg, w tym: orne 913, pastwiska 147, &hellip;<\/p>\n<p class=\"read-more\"> <a class=\"\" href=\"https:\/\/gminachasno.pl\/index.php\/historia\/\"> <span class=\"screen-reader-text\">HISTORIA<\/span> Read More &raquo;<\/a><\/p>\n","protected":false},"author":1,"featured_media":0,"parent":0,"menu_order":0,"comment_status":"closed","ping_status":"closed","template":"","meta":{"site-sidebar-layout":"default","site-content-layout":"default","ast-global-header-display":"","ast-main-header-display":"","ast-hfb-above-header-display":"","ast-hfb-below-header-display":"","ast-hfb-mobile-header-display":"","site-post-title":"","ast-breadcrumbs-content":"","ast-featured-img":"","footer-sml-layout":"","theme-transparent-header-meta":"default","adv-header-id-meta":"","stick-header-meta":"","header-above-stick-meta":"","header-main-stick-meta":"","header-below-stick-meta":"","footnotes":""},"class_list":["post-503","page","type-page","status-publish","hentry"],"_links":{"self":[{"href":"https:\/\/gminachasno.pl\/index.php\/wp-json\/wp\/v2\/pages\/503","targetHints":{"allow":["GET"]}}],"collection":[{"href":"https:\/\/gminachasno.pl\/index.php\/wp-json\/wp\/v2\/pages"}],"about":[{"href":"https:\/\/gminachasno.pl\/index.php\/wp-json\/wp\/v2\/types\/page"}],"author":[{"embeddable":true,"href":"https:\/\/gminachasno.pl\/index.php\/wp-json\/wp\/v2\/users\/1"}],"replies":[{"embeddable":true,"href":"https:\/\/gminachasno.pl\/index.php\/wp-json\/wp\/v2\/comments?post=503"}],"version-history":[{"count":5,"href":"https:\/\/gminachasno.pl\/index.php\/wp-json\/wp\/v2\/pages\/503\/revisions"}],"predecessor-version":[{"id":1581,"href":"https:\/\/gminachasno.pl\/index.php\/wp-json\/wp\/v2\/pages\/503\/revisions\/1581"}],"wp:attachment":[{"href":"https:\/\/gminachasno.pl\/index.php\/wp-json\/wp\/v2\/media?parent=503"}],"curies":[{"name":"wp","href":"https:\/\/api.w.org\/{rel}","templated":true}]}}