{"id":1245,"date":"2021-05-19T05:00:49","date_gmt":"2021-05-19T03:00:49","guid":{"rendered":"http:\/\/it3.home.pl\/gmina_chasno\/?page_id=1245"},"modified":"2021-05-19T05:01:18","modified_gmt":"2021-05-19T03:01:18","slug":"piatka-za-segregacje-jednolity-system-segregacji-odpadow","status":"publish","type":"page","link":"https:\/\/gminachasno.pl\/index.php\/piatka-za-segregacje-jednolity-system-segregacji-odpadow\/","title":{"rendered":"Pi\u0105tka za segregacj\u0119! &#8211; jednolity system segregacji odpad\u00f3w"},"content":{"rendered":"\n<figure class=\"wp-block-gallery columns-3 is-cropped wp-block-gallery-1 is-layout-flex wp-block-gallery-is-layout-flex\"><ul class=\"blocks-gallery-grid\"><li class=\"blocks-gallery-item\"><figure><a href=\"http:\/\/it3.home.pl\/gmina_chasno\/wp-content\/uploads\/2021\/05\/zmieszane.jpg\"><img loading=\"lazy\" decoding=\"async\" width=\"217\" height=\"480\" src=\"http:\/\/it3.home.pl\/gmina_chasno\/wp-content\/uploads\/2021\/05\/zmieszane.jpg\" alt=\"\" data-id=\"1246\" data-full-url=\"http:\/\/it3.home.pl\/gmina_chasno\/wp-content\/uploads\/2021\/05\/zmieszane.jpg\" data-link=\"http:\/\/it3.home.pl\/gmina_chasno\/?attachment_id=1246\" class=\"wp-image-1246\" srcset=\"https:\/\/gminachasno.pl\/wp-content\/uploads\/2021\/05\/zmieszane.jpg 217w, https:\/\/gminachasno.pl\/wp-content\/uploads\/2021\/05\/zmieszane-136x300.jpg 136w\" sizes=\"auto, (max-width: 217px) 100vw, 217px\" \/><\/a><\/figure><\/li><li class=\"blocks-gallery-item\"><figure><a href=\"http:\/\/it3.home.pl\/gmina_chasno\/wp-content\/uploads\/2021\/05\/szklo.jpg\"><img loading=\"lazy\" decoding=\"async\" width=\"217\" height=\"480\" src=\"http:\/\/it3.home.pl\/gmina_chasno\/wp-content\/uploads\/2021\/05\/szklo.jpg\" alt=\"\" data-id=\"1247\" data-full-url=\"http:\/\/it3.home.pl\/gmina_chasno\/wp-content\/uploads\/2021\/05\/szklo.jpg\" data-link=\"http:\/\/it3.home.pl\/gmina_chasno\/?attachment_id=1247\" class=\"wp-image-1247\" srcset=\"https:\/\/gminachasno.pl\/wp-content\/uploads\/2021\/05\/szklo.jpg 217w, https:\/\/gminachasno.pl\/wp-content\/uploads\/2021\/05\/szklo-136x300.jpg 136w\" sizes=\"auto, (max-width: 217px) 100vw, 217px\" \/><\/a><\/figure><\/li><li class=\"blocks-gallery-item\"><figure><a href=\"http:\/\/it3.home.pl\/gmina_chasno\/wp-content\/uploads\/2021\/05\/papier.jpg\"><img loading=\"lazy\" decoding=\"async\" width=\"217\" height=\"480\" src=\"http:\/\/it3.home.pl\/gmina_chasno\/wp-content\/uploads\/2021\/05\/papier.jpg\" alt=\"\" data-id=\"1248\" data-full-url=\"http:\/\/it3.home.pl\/gmina_chasno\/wp-content\/uploads\/2021\/05\/papier.jpg\" data-link=\"http:\/\/it3.home.pl\/gmina_chasno\/?attachment_id=1248\" class=\"wp-image-1248\" srcset=\"https:\/\/gminachasno.pl\/wp-content\/uploads\/2021\/05\/papier.jpg 217w, https:\/\/gminachasno.pl\/wp-content\/uploads\/2021\/05\/papier-136x300.jpg 136w\" sizes=\"auto, (max-width: 217px) 100vw, 217px\" \/><\/a><\/figure><\/li><li class=\"blocks-gallery-item\"><figure><a href=\"http:\/\/it3.home.pl\/gmina_chasno\/wp-content\/uploads\/2021\/05\/metale_i_tworzywa_sztuczne.jpg\"><img loading=\"lazy\" decoding=\"async\" width=\"217\" height=\"480\" src=\"http:\/\/it3.home.pl\/gmina_chasno\/wp-content\/uploads\/2021\/05\/metale_i_tworzywa_sztuczne.jpg\" alt=\"\" data-id=\"1249\" data-full-url=\"http:\/\/it3.home.pl\/gmina_chasno\/wp-content\/uploads\/2021\/05\/metale_i_tworzywa_sztuczne.jpg\" data-link=\"http:\/\/it3.home.pl\/gmina_chasno\/?attachment_id=1249\" class=\"wp-image-1249\" srcset=\"https:\/\/gminachasno.pl\/wp-content\/uploads\/2021\/05\/metale_i_tworzywa_sztuczne.jpg 217w, https:\/\/gminachasno.pl\/wp-content\/uploads\/2021\/05\/metale_i_tworzywa_sztuczne-136x300.jpg 136w\" sizes=\"auto, (max-width: 217px) 100vw, 217px\" \/><\/a><\/figure><\/li><li class=\"blocks-gallery-item\"><figure><a href=\"http:\/\/it3.home.pl\/gmina_chasno\/wp-content\/uploads\/2021\/05\/bio.jpg\"><img loading=\"lazy\" decoding=\"async\" width=\"217\" height=\"480\" src=\"http:\/\/it3.home.pl\/gmina_chasno\/wp-content\/uploads\/2021\/05\/bio.jpg\" alt=\"\" data-id=\"1250\" data-full-url=\"http:\/\/it3.home.pl\/gmina_chasno\/wp-content\/uploads\/2021\/05\/bio.jpg\" data-link=\"http:\/\/it3.home.pl\/gmina_chasno\/?attachment_id=1250\" class=\"wp-image-1250\" srcset=\"https:\/\/gminachasno.pl\/wp-content\/uploads\/2021\/05\/bio.jpg 217w, https:\/\/gminachasno.pl\/wp-content\/uploads\/2021\/05\/bio-136x300.jpg 136w\" sizes=\"auto, (max-width: 217px) 100vw, 217px\" \/><\/a><\/figure><\/li><li class=\"blocks-gallery-item\"><figure><a href=\"http:\/\/it3.home.pl\/gmina_chasno\/wp-content\/uploads\/2021\/05\/JSSO.jpg\"><img loading=\"lazy\" decoding=\"async\" width=\"480\" height=\"340\" src=\"http:\/\/it3.home.pl\/gmina_chasno\/wp-content\/uploads\/2021\/05\/JSSO.jpg\" alt=\"\" data-id=\"1251\" data-full-url=\"http:\/\/it3.home.pl\/gmina_chasno\/wp-content\/uploads\/2021\/05\/JSSO.jpg\" data-link=\"http:\/\/it3.home.pl\/gmina_chasno\/?attachment_id=1251\" class=\"wp-image-1251\" srcset=\"https:\/\/gminachasno.pl\/wp-content\/uploads\/2021\/05\/JSSO.jpg 480w, https:\/\/gminachasno.pl\/wp-content\/uploads\/2021\/05\/JSSO-300x213.jpg 300w\" sizes=\"auto, (max-width: 480px) 100vw, 480px\" \/><\/a><\/figure><\/li><\/ul><\/figure>\n\n\n\n<p>JEDNOLITY SYSTEM<br>SEGREGACJI ODPAD\u00d3W<\/p>\n\n\n\n<p><a href=\"https:\/\/naszesmieci.mos.gov.pl\/jednolity-system-segregacji-odpadow\/82-jsso\">Od 1 lipca 2017r. wdra\u017cany jest<br>Jednolity System Segregacji Odpad\u00f3w<br>(JSSO) obowi\u0105zuj\u0105cy na terenie ca\u0142ego kraju<\/a><\/p>\n\n\n\n<p>Od tego czasu odpady komunalne zbierane s\u0105 w podziale<br>na cztery g\u0142\u00f3wne frakcje + odpady zmieszane:<\/p>\n\n\n\n<ul class=\"wp-block-list\"><li>PAPIER (kolor niebieski),<\/li><li>METALE I TWORZYWA SZTUCZNE (kolor \u017c\u00f3\u0142ty),<\/li><li>SZK\u0141O (kolor zielony*)<\/li><li>BIO (kolor br\u0105zowy).<\/li><\/ul>\n\n\n\n<p>* Je\u017celi frakcj\u0119 zbiera si\u0119 w podziale na szk\u0142o bezbarwne<br>i kolorowe, to stosuje si\u0119:<\/p>\n\n\n\n<ul class=\"wp-block-list\"><li>szk\u0142o bezbarwne (kolor bia\u0142y),<\/li><li>szk\u0142o kolorowe (kolor zielony).<\/li><\/ul>\n\n\n\n<p>Wi\u0119cej informacji na stronie:<br><a href=\"https:\/\/naszesmieci.mos.gov.pl\/\">https:\/\/naszesmieci.mos.gov.pl<\/a><\/p>\n","protected":false},"excerpt":{"rendered":"<p>JEDNOLITY SYSTEMSEGREGACJI ODPAD\u00d3W Od 1 lipca 2017r. wdra\u017cany jestJednolity System Segregacji Odpad\u00f3w(JSSO) obowi\u0105zuj\u0105cy na terenie ca\u0142ego kraju Od tego czasu odpady komunalne zbierane s\u0105 w podzialena cztery g\u0142\u00f3wne frakcje + odpady zmieszane: PAPIER (kolor niebieski), METALE I TWORZYWA SZTUCZNE (kolor \u017c\u00f3\u0142ty), SZK\u0141O (kolor zielony*) BIO (kolor br\u0105zowy). * Je\u017celi frakcj\u0119 zbiera si\u0119 w podziale na &hellip;<\/p>\n<p class=\"read-more\"> <a class=\"\" href=\"https:\/\/gminachasno.pl\/index.php\/piatka-za-segregacje-jednolity-system-segregacji-odpadow\/\"> <span class=\"screen-reader-text\">Pi\u0105tka za segregacj\u0119! &#8211; jednolity system segregacji odpad\u00f3w<\/span> Read More &raquo;<\/a><\/p>\n","protected":false},"author":1,"featured_media":0,"parent":0,"menu_order":0,"comment_status":"closed","ping_status":"closed","template":"","meta":{"site-sidebar-layout":"default","site-content-layout":"default","ast-global-header-display":"","ast-main-header-display":"","ast-hfb-above-header-display":"","ast-hfb-below-header-display":"","ast-hfb-mobile-header-display":"","site-post-title":"","ast-breadcrumbs-content":"","ast-featured-img":"","footer-sml-layout":"","theme-transparent-header-meta":"default","adv-header-id-meta":"","stick-header-meta":"","header-above-stick-meta":"","header-main-stick-meta":"","header-below-stick-meta":"","footnotes":""},"class_list":["post-1245","page","type-page","status-publish","hentry"],"_links":{"self":[{"href":"https:\/\/gminachasno.pl\/index.php\/wp-json\/wp\/v2\/pages\/1245","targetHints":{"allow":["GET"]}}],"collection":[{"href":"https:\/\/gminachasno.pl\/index.php\/wp-json\/wp\/v2\/pages"}],"about":[{"href":"https:\/\/gminachasno.pl\/index.php\/wp-json\/wp\/v2\/types\/page"}],"author":[{"embeddable":true,"href":"https:\/\/gminachasno.pl\/index.php\/wp-json\/wp\/v2\/users\/1"}],"replies":[{"embeddable":true,"href":"https:\/\/gminachasno.pl\/index.php\/wp-json\/wp\/v2\/comments?post=1245"}],"version-history":[{"count":3,"href":"https:\/\/gminachasno.pl\/index.php\/wp-json\/wp\/v2\/pages\/1245\/revisions"}],"predecessor-version":[{"id":1254,"href":"https:\/\/gminachasno.pl\/index.php\/wp-json\/wp\/v2\/pages\/1245\/revisions\/1254"}],"wp:attachment":[{"href":"https:\/\/gminachasno.pl\/index.php\/wp-json\/wp\/v2\/media?parent=1245"}],"curies":[{"name":"wp","href":"https:\/\/api.w.org\/{rel}","templated":true}]}}