{"id":1205,"date":"2021-05-19T04:44:33","date_gmt":"2021-05-19T02:44:33","guid":{"rendered":"http:\/\/it3.home.pl\/gmina_chasno\/?page_id=1205"},"modified":"2021-05-30T01:10:14","modified_gmt":"2021-05-29T23:10:14","slug":"dowod-osobisty","status":"publish","type":"page","link":"https:\/\/gminachasno.pl\/index.php\/dowod-osobisty\/","title":{"rendered":"Dow\u00f3d Osobisty"},"content":{"rendered":"\n<p class=\"has-text-align-justify\"><strong>Dow\u00f3d osobisty jest dokumentem stwierdzaj\u0105cym to\u017csamo\u015b\u0107 osoby oraz po\u015bwiadczaj\u0105cym obywatelstwo polskie.<\/strong><\/p>\n\n\n\n<p class=\"has-text-align-justify\">Ponadto dow\u00f3d osobisty uprawnia obywateli polskich do przekraczania granic pa\u0144stw cz\u0142onkowskich Unii Europejskiej, pa\u0144stw Europejskiego Obszaru Gospodarczego nienale\u017c\u0105cych do Unii Europejskiej oraz pa\u0144stw nieb\u0119d\u0105cych stronami umowy o Europejskim Obszarze Gospodarczym, kt\u00f3rych obywatele mog\u0105 korzysta\u0107 ze swobody przep\u0142ywu os\u00f3b na podstawie um\u00f3w zawartych przez te pastwa ze Wsp\u00f3lnot\u0105 Europejsk\u0105 i jej pa\u0144stwami cz\u0142onkowskimi oraz na podstawie jednostronnych decyzji innych pa\u0144stw, uznaj\u0105cych ten dokument za wystarczaj\u0105cy do przekraczania ich granicy.<\/p>\n\n\n\n<p class=\"has-text-align-justify\"><strong>Osoba b\u0119d\u0105ca obywatelem polskim i zamieszka\u0142a w Rzeczypospolitej Polskiej jest obowi\u0105zana posiada\u0107 dow\u00f3d osobisty:<\/strong><\/p>\n\n\n\n<p class=\"has-text-align-justify\">1. od uko\u0144czenia 18 roku \u017cycia,<\/p>\n\n\n\n<p class=\"has-text-align-justify\">2. od uko\u0144czenia 15 roku \u017cycia, je\u017celi pozostaje w stosunku pracy lub nie zamieszkuje wsp\u00f3lnie z osobami, pod kt\u00f3rych w\u0142adz\u0105 rodzicielsk\u0105 lub opiek\u0105 si\u0119 znajduje, albo nie pozostaje pod w\u0142adz\u0105 rodzicielsk\u0105 lub opiek\u0105. Od 1 maja 2004 r., na uzasadniony wniosek rodzic\u00f3w lub opiekun\u00f3w, dow\u00f3d osobisty mo\u017ce by\u0107 wydawany osobie, kt\u00f3ra nie uko\u0144czy\u0142a 13 roku \u017cycia.<\/p>\n\n\n\n<p class=\"has-text-align-justify\">3. osoba b\u0119d\u0105ca obywatelem polskim ma prawo otrzyma\u0107 dow\u00f3d osobisty od uko\u0144czenia 13 roku \u017cycia.<\/p>\n\n\n\n<p class=\"has-text-align-justify\">4. na uzasadniony wniosek rodzic\u00f3w lub opiekun\u00f3w dow\u00f3d osobisty mo\u017ce by\u0107 wydany osobie, kt\u00f3ra nie uko\u0144czy\u0142a 13 roku \u017cycia.<\/p>\n\n\n\n<p><strong>Kiedy dow\u00f3d osobisty podlega wymianie?<\/strong><\/p>\n\n\n\n<p class=\"has-text-align-justify\">Posiadacz dowodu osobistego ma obowi\u0105zek wymieni\u0107 ten dokument w razie:<\/p>\n\n\n\n<p class=\"has-text-align-justify\">1. zmiany danych, kt\u00f3re zamieszcza si\u0119 w dowodzie osobistym,<\/p>\n\n\n\n<p class=\"has-text-align-justify\">2. uszkodzenia dowodu osobistego lub zaistnienia innej okoliczno\u015bci utrudniaj\u0105cej ustalenie to\u017csamo\u015bci osoby,<\/p>\n\n\n\n<p class=\"has-text-align-justify\">3. up\u0142ywu terminu wa\u017cno\u015bci dowodu osobistego.<\/p>\n\n\n\n<p class=\"has-text-align-justify\">Z dniem 1 stycznia 2009r. wesz\u0142y w \u017cycie przepisy ustawy o zmianie ustawy o ewidencji ludno\u015bci i dowodach osobistych oraz niekt\u00f3rych innych ustaw (Dz. U. z 31.10.2008r. Nr 195, poz. 1198), na podstawie kt\u00f3rych uniewa\u017cniane s\u0105 z urz\u0119du dowody osobiste tych os\u00f3b, kt\u00f3re na skutek zmiany danych zamieszczanych w dowodzie osobistym nie dokona\u0142y wymiany dokumentu. W przypadku obywateli polskich zamieszka\u0142ych na terenie kraju uniewa\u017cnienie dowodu osobistego nast\u0119puje po trzech miesi\u0105cach od dnia w kt\u00f3rym powsta\u0142 obowi\u0105zek wymiany. W przypadku obywateli polskich przebywaj\u0105cych za granic\u0105 termin, o kt\u00f3rym mowa wynosi 4 miesi\u0105ce. M\u00f3wi o tym art. 43 ni\u017cej wymienionej ustawy.<\/p>\n\n\n\n<p class=\"has-text-align-justify\"><strong>Aby otrzyma\u0107 dow\u00f3d osobisty, nale\u017cy z\u0142o\u017cy\u0107 &nbsp;nast\u0119puj\u0105ce dokumenty:<\/strong><\/p>\n\n\n\n<p class=\"has-text-align-justify\">&#8211; wniosek o wydanie wniosek o wydanie dowodu osobistego.&nbsp;<strong>WNIOSEK SK\u0141ADA SI\u0118 OSOBI\u015aCIE<\/strong><br>Do wniosku do\u0142\u0105cza si\u0119 dwie aktualne, wyra\u017ane fotografie o wymiarach 45\u00d735 mm, przedstawiaj\u0105ce osob\u0119 bez nakrycia g\u0142owy i&nbsp;<strong>okular\u00f3w z ciemnymi szk\u0142ami<\/strong>&nbsp;w taki spos\u00f3b, aby ukazywa\u0142y g\u0142ow\u0119 w pozycji na wprost (tzw. zdj\u0119cie biometryczne), z zachowaniem r\u00f3wnomiernego o\u015bwietlenia twarzy. Jednak\u017ce osoba z wrodzonymi lub nabytymi wadami narz\u0105du wzroku mo\u017ce za\u0142\u0105czy\u0107 do wniosku fotografie przedstawiaj\u0105ce osob\u0119 w okularach z ciemnymi szk\u0142ami, a osoba nosz\u0105ca nakrycie g\u0142owy zgodnie z zasadami swojego wyznania &#8211; fotografie przedstawiaj\u0105ce osob\u0119 z nakryciem g\u0142owy. Dokumentem po\u015bwiadczaj\u0105cym uprawnienie do za\u0142\u0105czania fotografii przedstawiaj\u0105cych osob\u0119 w okularach z ciemnymi szk\u0142ami jest orzeczenie o niepe\u0142nosprawno\u015bci osoby do 16 roku \u017cycia lub orzeczenie o stopniu niepe\u0142nosprawno\u015bci, kt\u00f3ra uko\u0144czy\u0142a 16 lat, z powodu wrodzonej lub nabytej wady narz\u0105du wzroku, wydane zgodnie z przepisami o orzekaniu o niepe\u0142nosprawno\u015bci i stopniu niepe\u0142nosprawno\u015bci. Dokumentem po\u015bwiadczaj\u0105cym uprawnienie do za\u0142\u0105czania fotografii przedstawiaj\u0105cej osob\u0119 w nakryciu g\u0142owy jest za\u015bwiadczenie o przynale\u017cno\u015bci do wsp\u00f3lnoty wyznaniowej;<\/p>\n\n\n\n<p class=\"has-text-align-justify\">&#8211; odpis skr\u00f3cony aktu urodzenia &#8211; w przypadku os\u00f3b, kt\u00f3re nie wst\u0105pi\u0142y w zwi\u0105zek ma\u0142\u017ce\u0144ski nie wymaga si\u0119 za\u0142\u0105czania odpis\u00f3w akt\u00f3w stanu cywilnego sporz\u0105dzonych w Urz\u0119dzie Stanu Cywilnego w Ch\u0105\u015bnie;<\/p>\n\n\n\n<p class=\"has-text-align-justify\">&#8211; odpis skr\u00f3cony aktu ma\u0142\u017ce\u0144stwa wraz z adnotacj\u0105 o aktualnie u\u017cywanym nazwisku. Przy wymianie dowodu osobistego, je\u017celi dane zawarte w dowodzie osobistym nie uleg\u0142y zmianie, a w dokumentacji dowodowej znajduj\u0105 si\u0119 odpisy akt stanu cywilnego wnioskodawcy ponowne z\u0142o\u017cenie odpis\u00f3w skr\u00f3conych akt\u00f3w stanu cywilnego nie jest wymagane;<\/p>\n\n\n\n<p class=\"has-text-align-justify\">&#8211; na \u017c\u0105danie organu &#8211; po\u015bwiadczenie obywatelstwa polskiego lub inny dokument potwierdzaj\u0105cy posiadanie polskiego obywatelstwa, je\u017celi dane zawarte w dokumentach budz\u0105 w\u0105tpliwo\u015b\u0107 co do obywatelstwa osoby.<\/p>\n\n\n\n<p><strong>Dow\u00f3d osobisty odbiera si\u0119 osobi\u015bcie.<\/strong><\/p>\n\n\n\n<p><strong>Na jaki czas wydaje si\u0119 dow\u00f3d osobisty?<\/strong><\/p>\n\n\n\n<p class=\"has-text-align-justify\">&#8211; Dow\u00f3d osobisty jest wa\u017cny 10 lat od daty jego wydania.<\/p>\n\n\n\n<p class=\"has-text-align-justify\">&#8211; Dow\u00f3d osobisty wydany osobie, kt\u00f3ra nie uko\u0144czy\u0142a 18 roku \u017cycia, jest wa\u017cny 5 lat od daty jego wydania.<\/p>\n\n\n\n<p class=\"has-text-align-justify\">&#8211; Dow\u00f3d osobisty wydany osobie, kt\u00f3ra uko\u0144czy\u0142a 65 rok \u017cycia, jest wa\u017cny na czas nie oznaczony<\/p>\n\n\n\n<p class=\"has-text-align-justify\">Czas wa\u017cno\u015bci dowodu osobistego ustalany jest w chwili sk\u0142adania wniosku o jego wydanie.<\/p>\n\n\n\n<p><strong>Ile kosztuje wydanie dowodu osobistego?<\/strong><\/p>\n\n\n\n<p>Za wydanie dowodu osobistego nie pobiera si\u0119 op\u0142at.<\/p>\n\n\n\n<p class=\"has-text-align-justify\"><strong>Dow\u00f3d osobisty podlega obowi\u0105zkowi zwrotu w razie<\/strong>:<\/p>\n\n\n\n<p class=\"has-text-align-justify\">1. utraty obywatelstwa polskiego; osoba kt\u00f3ra je utraci\u0142a, zwraca niezw\u0142ocznie dow\u00f3d osobisty organowi gminy w\u0142a\u015bciwemu ze wzgl\u0119du na miejsce jego wydania albo w\u0142a\u015bciwej ze wzgl\u0119du na miejsce pobytu polskiej plac\u00f3wce konsularnej.<\/p>\n\n\n\n<p class=\"has-text-align-justify\">2. zgonu posiadacza dowodu osobistego; obowi\u0105zek zwrotu dowodu osobistego ci\u0105\u017cy w tym przypadku na osobach obowi\u0105zanych do zg\u0142oszenia zgonu stosownie do przepis\u00f3w prawa o aktach stanu cywilnego.<\/p>\n\n\n\n<p>REGULACJA PRAWNA<\/p>\n\n\n\n<p class=\"has-text-align-justify\">Wydawanie dowod\u00f3w osobistych reguluje ustawa z dnia 10 kwietnia 1974 r o ewidencji ludno\u015bci i dowodach osobistych &#8211; tekst jednolity (jednolity tekst Dz.U. z 2006 r. Nr 139 poz.993 ze zmianami)., rozporz\u0105dzenie Rady Ministr\u00f3w z dnia 21 listopada 2000 r w sprawie wzoru dowodu osobistego oraz trybu post\u0119powania w sprawach wydawania dowod\u00f3w osobistych, ich wymiany, zwrotu lub utraty (Dz.U. Nr 112, poz.1182 ze zmianami) oraz rozporz\u0105dzenie Rady Ministr\u00f3w z dnia 30 listopada 2000 roku w sprawie op\u0142at za wydanie dowodu osobistego (Dz.U. Nr 105, poz.1110 ze zmianami).<\/p>\n\n\n\n<p><strong>Termin za\u0142atwienia sprawy &#8211; do 30 dni<\/strong><\/p>\n","protected":false},"excerpt":{"rendered":"<p>Dow\u00f3d osobisty jest dokumentem stwierdzaj\u0105cym to\u017csamo\u015b\u0107 osoby oraz po\u015bwiadczaj\u0105cym obywatelstwo polskie. Ponadto dow\u00f3d osobisty uprawnia obywateli polskich do przekraczania granic pa\u0144stw cz\u0142onkowskich Unii Europejskiej, pa\u0144stw Europejskiego Obszaru Gospodarczego nienale\u017c\u0105cych do Unii Europejskiej oraz pa\u0144stw nieb\u0119d\u0105cych stronami umowy o Europejskim Obszarze Gospodarczym, kt\u00f3rych obywatele mog\u0105 korzysta\u0107 ze swobody przep\u0142ywu os\u00f3b na podstawie um\u00f3w zawartych przez te &hellip;<\/p>\n<p class=\"read-more\"> <a class=\"\" href=\"https:\/\/gminachasno.pl\/index.php\/dowod-osobisty\/\"> <span class=\"screen-reader-text\">Dow\u00f3d Osobisty<\/span> Read More &raquo;<\/a><\/p>\n","protected":false},"author":1,"featured_media":0,"parent":0,"menu_order":0,"comment_status":"closed","ping_status":"closed","template":"","meta":{"site-sidebar-layout":"default","site-content-layout":"default","ast-global-header-display":"","ast-main-header-display":"","ast-hfb-above-header-display":"","ast-hfb-below-header-display":"","ast-hfb-mobile-header-display":"","site-post-title":"","ast-breadcrumbs-content":"","ast-featured-img":"","footer-sml-layout":"","theme-transparent-header-meta":"default","adv-header-id-meta":"","stick-header-meta":"","header-above-stick-meta":"","header-main-stick-meta":"","header-below-stick-meta":"","footnotes":""},"class_list":["post-1205","page","type-page","status-publish","hentry"],"_links":{"self":[{"href":"https:\/\/gminachasno.pl\/index.php\/wp-json\/wp\/v2\/pages\/1205","targetHints":{"allow":["GET"]}}],"collection":[{"href":"https:\/\/gminachasno.pl\/index.php\/wp-json\/wp\/v2\/pages"}],"about":[{"href":"https:\/\/gminachasno.pl\/index.php\/wp-json\/wp\/v2\/types\/page"}],"author":[{"embeddable":true,"href":"https:\/\/gminachasno.pl\/index.php\/wp-json\/wp\/v2\/users\/1"}],"replies":[{"embeddable":true,"href":"https:\/\/gminachasno.pl\/index.php\/wp-json\/wp\/v2\/comments?post=1205"}],"version-history":[{"count":2,"href":"https:\/\/gminachasno.pl\/index.php\/wp-json\/wp\/v2\/pages\/1205\/revisions"}],"predecessor-version":[{"id":1499,"href":"https:\/\/gminachasno.pl\/index.php\/wp-json\/wp\/v2\/pages\/1205\/revisions\/1499"}],"wp:attachment":[{"href":"https:\/\/gminachasno.pl\/index.php\/wp-json\/wp\/v2\/media?parent=1205"}],"curies":[{"name":"wp","href":"https:\/\/api.w.org\/{rel}","templated":true}]}}